{"id":889,"date":"2016-11-10T14:30:05","date_gmt":"2016-11-10T14:30:05","guid":{"rendered":"https:\/\/www.mfp.econo.unlp.edu.ar\/?page_id=889"},"modified":"2016-11-10T14:46:28","modified_gmt":"2016-11-10T14:46:28","slug":"entrevista-dalmiro-moran","status":"publish","type":"page","link":"https:\/\/www.mfp.econo.unlp.edu.ar\/index.php\/entrevista-dalmiro-moran\/","title":{"rendered":"Entrevista | Dalmiro Mor\u00e1n"},"content":{"rendered":"<p>[vc_row][vc_column css=\u00bb.vc_custom_1478788746466{background-image: url(https:\/\/www.mfp.econo.unlp.edu.ar\/wp-content\/uploads\/2016\/10\/header-general-lista.jpg?id=613) !important;}\u00bb]<div class=\"dt-title-wrapper\"><h1 class=\"section-title\">TESTIMONIOS<\/h1><\/div>[\/vc_column][\/vc_row][vc_row][vc_column][vc_column_text css=\u00bb.vc_custom_1478789177867{margin-top: 40px !important;}\u00bb]<\/p>\n<blockquote><p><strong>TESTIMONIOS | Entrevista<\/strong> &#8211; <strong><span style=\"color: #e1472f;\">Dalmiro Mor\u00e1n<\/span><\/strong> &#8211;<strong><span style=\"color: #000000;\">\u00a0Promoci\u00f3n 20\u00ba<\/span><\/strong><\/p>\n<p><strong><span style=\"color: #e1472f;\">\u00bfC\u00f3mo conociste la Maestr\u00eda?<\/span><\/strong><br \/>\n<span style=\"color: #000000;\">En realidad tom\u00e9 contacto con la Maestr\u00eda en el a\u00f1o 2005. Inici\u00e9 mi experiencia trabajando como asistente del Dr. Atilio Elizagaray, Director de la Maestr\u00eda en aquel entonces, a\u00fan siendo estudiante avanzado de la Licenciatura en Econom\u00eda. Durante tres a\u00f1os entend\u00ed, quiz\u00e1s mejor que nadie, el arduo trabajo que conlleva el desarrollo de un posgrado de este tipo donde los claros nexos con la realidad econ\u00f3mica del pa\u00eds obligan a una casi constante actualizaci\u00f3n de los contenidos y los enfoques de ense\u00f1anza. Luego, habiendo desarrollado mi carrera profesional como economista especializado en finanzas p\u00fablicas y tributaci\u00f3n, busqu\u00e9 el mejor momento para poder emprender el desaf\u00edo de un posgrado de alto nivel como \u00e9ste, confiando -y luego comprobando- que los beneficios compensar\u00edan sobradamente los costos y el esfuerzo requerido.<\/span><\/p>\n<p style=\"text-align: justify;\"><strong><span style=\"color: #e1472f;\">\u00bfCu\u00e1l es tu evaluaci\u00f3n de la Maestr\u00eda?<\/span><\/strong><br \/>\n<span style=\"color: #000000;\">Si bien confieso un gran aprecio por las autoridades y la mayor\u00eda de los profesores con los que hemos compartido valiosas charlas e intercambios, mi evaluaci\u00f3n objetiva de la Maestr\u00eda es muy positiva. En mi caso particular, me ha permitido reforzar conceptos te\u00f3ricos, ampliar mi conocimiento de casos pr\u00e1cticos y, sobre todo, debatir distintos enfoques sobre los distintos problemas que hacen a la Econom\u00eda del Sector P\u00fablico.<\/span><\/p>\n<p style=\"text-align: justify;\"><strong><span style=\"color: #e1472f;\">\u00bfQu\u00e9 te parece la formaci\u00f3n acad\u00e9mica de los profesores?<\/span><\/strong><br \/>\n<span style=\"color: #000000;\">La formaci\u00f3n de los profesores es s\u00f3lida y acorde al nivel del posgrado. El plantel estable comprende prestigiosos economistas de la talla de Alberto Porto, Juan Llach y Leonardo Gasparini, reconocidos hacedores de pol\u00edticas como Agust\u00edn L\u00f3dola y un conjunto de acad\u00e9micos muy destacados en las \u00e1reas tem\u00e1ticas de la Maestr\u00eda. Adicionalmente, varios cursos contemplaron la invitaci\u00f3n de profesores visitantes los cuales demostraron un cabal conocimiento de los temas expuestos por cada uno de ellos.<\/span><\/p>\n<p style=\"text-align: justify;\"><strong><span style=\"color: #e1472f;\">\u00bfC\u00f3mo ha sido tu v\u00ednculo con los profesores?<\/span><\/strong><br \/>\n<span style=\"color: #000000;\">El v\u00ednculo ha sido muy bueno. Uno siempre tendr\u00e1 m\u00e1s afinidad con unos que con otros pero la predisposici\u00f3n ha sido excelente en todos los casos.<\/span><\/p>\n<p style=\"text-align: justify;\"><strong><span style=\"color: #e1472f;\">\u00bfC\u00f3mo es la relaci\u00f3n con tus compa\u00f1eros?<\/span><\/strong><br \/>\n<span style=\"color: #000000;\">Excelente. Por cuestiones laborales me vi forzado a tomar cursos con dos grupos distintos, lo que me brind\u00f3 nuevos amigos y colegas profesionales.<\/span><\/p>\n<p style=\"text-align: justify;\"><strong><span style=\"color: #e1472f;\">\u00bfQu\u00e9 temas de la Maestr\u00eda te resultan m\u00e1s interesantes?<\/span><\/strong><br \/>\n<span style=\"color: #000000;\">Pol\u00edtica Fiscal, sin dudas. Pero tambi\u00e9n hay cursos que resultan muy provechosos como el de Distribuci\u00f3n del Ingreso, el de Financiamiento P\u00fablico y el de Federalismo Fiscal. Las herramientas de Econom\u00eda Computacional tambi\u00e9n me resultaron muy valiosas.<\/span><\/p>\n<p style=\"text-align: justify;\"><strong><span style=\"color: #e1472f;\">\u00bfRealizas otras actividades fuera de la Maestr\u00eda?<\/span><\/strong><br \/>\n<span style=\"color: #000000;\">S\u00ed, actualmente trabajo como consultor independiente en pol\u00edtica tributaria.<\/span><\/p>\n<p style=\"text-align: justify;\"><strong><span style=\"color: #e1472f;\">\u00bfPudiste asistir a alg\u00fan Congreso, Jornada, etc.?<\/span><\/strong><br \/>\n<span style=\"color: #000000;\">Invitado por la Maestr\u00eda, asist\u00ed al Seminario de Federalismo Fiscal en la UBA.<\/span><\/p>\n<p style=\"text-align: justify;\"><strong><span style=\"color: #e1472f;\">\u00bfLo aprendido en la Maestr\u00eda te sirvi\u00f3 para tu trabajo?<\/span><\/strong><br \/>\n<span style=\"color: #000000;\">Sin ninguna duda, y me seguir\u00e1 siendo \u00fatil por mucho tiempo.<\/span><\/p><\/blockquote>\n<p>[\/vc_column_text][\/vc_column][\/vc_row]<\/p>\n","protected":false},"excerpt":{"rendered":"<p>[vc_row][vc_column css=\u00bb.vc_custom_1478788746466{background-image: url(https:\/\/www.mfp.econo.unlp.edu.ar\/wp-content\/uploads\/2016\/10\/header-general-lista.jpg?id=613) !important;}\u00bb][\/vc_column][\/vc_row][vc_row][vc_column][vc_column_text css=\u00bb.vc_custom_1478789177867{margin-top: 40px !important;}\u00bb] TESTIMONIOS | Entrevista &#8211; Dalmiro Mor\u00e1n &#8211;\u00a0Promoci\u00f3n 20\u00ba \u00bfC\u00f3mo conociste la Maestr\u00eda? En realidad tom\u00e9 contacto con la&#8230;<\/p>\n<p class=\"readmore\"><a class=\"more-btn\" href=\"https:\/\/www.mfp.econo.unlp.edu.ar\/index.php\/entrevista-dalmiro-moran\/\">Ver<\/a><\/p>\n","protected":false},"author":1,"featured_media":0,"parent":0,"menu_order":0,"comment_status":"closed","ping_status":"closed","template":"template-homepage.php","meta":{"jetpack_post_was_ever_published":false},"jetpack_sharing_enabled":true,"jetpack_shortlink":"https:\/\/wp.me\/P86ov1-el","_links":{"self":[{"href":"https:\/\/www.mfp.econo.unlp.edu.ar\/index.php\/wp-json\/wp\/v2\/pages\/889"}],"collection":[{"href":"https:\/\/www.mfp.econo.unlp.edu.ar\/index.php\/wp-json\/wp\/v2\/pages"}],"about":[{"href":"https:\/\/www.mfp.econo.unlp.edu.ar\/index.php\/wp-json\/wp\/v2\/types\/page"}],"author":[{"embeddable":true,"href":"https:\/\/www.mfp.econo.unlp.edu.ar\/index.php\/wp-json\/wp\/v2\/users\/1"}],"replies":[{"embeddable":true,"href":"https:\/\/www.mfp.econo.unlp.edu.ar\/index.php\/wp-json\/wp\/v2\/comments?post=889"}],"version-history":[{"count":2,"href":"https:\/\/www.mfp.econo.unlp.edu.ar\/index.php\/wp-json\/wp\/v2\/pages\/889\/revisions"}],"predecessor-version":[{"id":895,"href":"https:\/\/www.mfp.econo.unlp.edu.ar\/index.php\/wp-json\/wp\/v2\/pages\/889\/revisions\/895"}],"wp:attachment":[{"href":"https:\/\/www.mfp.econo.unlp.edu.ar\/index.php\/wp-json\/wp\/v2\/media?parent=889"}],"curies":[{"name":"wp","href":"https:\/\/api.w.org\/{rel}","templated":true}]}}